{"id":1121,"date":"2020-09-15T11:18:02","date_gmt":"2020-09-15T16:18:02","guid":{"rendered":"http:\/\/unaltrasena.com\/?page_id=1121"},"modified":"2026-02-06T05:43:43","modified_gmt":"2026-02-06T10:43:43","slug":"elementor-1121","status":"publish","type":"page","link":"https:\/\/unaltrasena.com\/","title":{"rendered":"Inicio"},"content":{"rendered":"\t\t<div data-elementor-type=\"wp-page\" data-elementor-id=\"1121\" class=\"elementor elementor-1121\">\n\t\t\t\t\t\t<section class=\"elementor-section elementor-top-section elementor-element elementor-element-980d82f elementor-section-boxed elementor-section-height-default elementor-section-height-default\" data-id=\"980d82f\" data-element_type=\"section\">\n\t\t\t\t\t\t<div class=\"elementor-container elementor-column-gap-default\">\n\t\t\t\t\t<div class=\"elementor-column elementor-col-100 elementor-top-column elementor-element elementor-element-2197c92\" data-id=\"2197c92\" data-element_type=\"column\">\n\t\t\t<div class=\"elementor-widget-wrap elementor-element-populated\">\n\t\t\t\t\t\t<div class=\"elementor-element elementor-element-0a1ecd6 elementor-widget elementor-widget-eael-content-ticker\" data-id=\"0a1ecd6\" data-element_type=\"widget\" data-widget_type=\"eael-content-ticker.default\">\n\t\t\t\t<div class=\"elementor-widget-container\">\n\t\t\t<div class=\"eael-ticker-wrap\" id=\"eael-ticker-wrap-0a1ecd6\"><div class=\"ticker-badge\">\n                    <span>Tendencias hoy<\/span>\n                <\/div><div class=\"eael-ticker\">\n                <div class=\"swiper swiper-8 eael-content-ticker swiper-container-0a1ecd6\" data-pagination=\".swiper-pagination-0a1ecd6\" data-arrow-next=\".swiper-button-next-0a1ecd6\" data-arrow-prev=\".swiper-button-prev-0a1ecd6\" data-effect=\"slide\" data-speed=\"400\" data-autoplay=\"2000\" data-loop=\"1\" data-arrows=\"1\">\n                    <div class=\"swiper-wrapper\"><div class=\"swiper-slide\">\n        <div class=\"ticker-content\">\n            <a href=\"https:\/\/unaltrasena.com\/index.php\/2026\/03\/26\/la-inclusion-educativa-un-desafio-que-requiere-soluciones-integrales\/\" class=\"ticker-content-link\">La Inclusi\u00f3n Educativa: Un Desaf\u00edo que Requiere Soluciones Integrales<\/a>\n        <\/div>\n    <\/div><div class=\"swiper-slide\">\n        <div class=\"ticker-content\">\n            <a href=\"https:\/\/unaltrasena.com\/index.php\/2026\/03\/26\/el-sena-se-conecta-con-la-inclusion-un-compromiso-de-todos\/\" class=\"ticker-content-link\">El SENA se conecta con la inclusi\u00f3n Un compromiso de todos<\/a>\n        <\/div>\n    <\/div><div class=\"swiper-slide\">\n        <div class=\"ticker-content\">\n            <a href=\"https:\/\/unaltrasena.com\/index.php\/2026\/03\/26\/inclusion-en-el-sena-un-compromiso-de-todos-bajo-el-liderazgo-de-claudia-cristina-mendez-villarruel\/\" class=\"ticker-content-link\">Inclusi\u00f3n en el SENA Un Compromiso de Todos bajo el Liderazgo de Claudia Cristina M\u00e9ndez Villarruel Presidenta Subdirectiva Cundinamarca Unaltrasena<\/a>\n        <\/div>\n    <\/div><div class=\"swiper-slide\">\n        <div class=\"ticker-content\">\n            <a href=\"https:\/\/unaltrasena.com\/index.php\/2026\/03\/26\/ciberseguridad-en-el-equipo-que-pasa-cuando-hackean-el-whatsapp-de-un-companero\/\" class=\"ticker-content-link\">Ciberseguridad en el Equipo: \u00bfQu\u00e9 pasa cuando hackean el WhatsApp de un compa\u00f1ero?<\/a>\n        <\/div>\n    <\/div><div class=\"swiper-slide\">\n        <div class=\"ticker-content\">\n            <a href=\"https:\/\/unaltrasena.com\/index.php\/2026\/03\/17\/unaltrasena-avanza-en-la-articulacion-sindical-con-las-subdirectivas-bogota-y-cundinamarca\/\" class=\"ticker-content-link\">UNALTRASENA avanza en la articulaci\u00f3n sindical con las subdirectivas Bogot\u00e1 y Cundinamarca<\/a>\n        <\/div>\n    <\/div><\/div>\n\t\t\t\t<\/div>\n\t\t\t\t<div class=\"content-ticker-pagination\"><div class=\"swiper-button-next swiper-button-next-0a1ecd6\"><i class=\"fas fa-angle-right\"><\/i><\/div><div class=\"swiper-button-prev swiper-button-prev-0a1ecd6\"><i class=\"fas fa-angle-left\"><\/i><\/div><\/div>\n\t\t\t<\/div>\n\t\t<\/div>\t\t<\/div>\n\t\t\t\t<\/div>\n\t\t\t\t\t<\/div>\n\t\t<\/div>\n\t\t\t\t\t<\/div>\n\t\t<\/section>\n\t\t\t\t<section class=\"elementor-section elementor-top-section elementor-element elementor-element-22b2232 elementor-section-boxed elementor-section-height-default elementor-section-height-default\" data-id=\"22b2232\" data-element_type=\"section\" data-settings=\"{&quot;background_background&quot;:&quot;classic&quot;}\">\n\t\t\t\t\t\t\t<div class=\"elementor-background-overlay\"><\/div>\n\t\t\t\t\t\t\t<div class=\"elementor-container elementor-column-gap-default\">\n\t\t\t\t\t<div class=\"elementor-column elementor-col-100 elementor-top-column elementor-element elementor-element-c882715\" data-id=\"c882715\" data-element_type=\"column\" data-settings=\"{&quot;background_background&quot;:&quot;classic&quot;}\">\n\t\t\t<div class=\"elementor-widget-wrap elementor-element-populated\">\n\t\t\t\t\t\t<div class=\"elementor-element elementor-element-dbc4fb3 elementor-widget elementor-widget-video\" data-id=\"dbc4fb3\" data-element_type=\"widget\" data-settings=\"{&quot;youtube_url&quot;:&quot;https:\\\/\\\/youtu.be\\\/XlUIwGqCe6s&quot;,&quot;autoplay&quot;:&quot;yes&quot;,&quot;play_on_mobile&quot;:&quot;yes&quot;,&quot;loop&quot;:&quot;yes&quot;,&quot;video_type&quot;:&quot;youtube&quot;}\" data-widget_type=\"video.default\">\n\t\t\t\t<div class=\"elementor-widget-container\">\n\t\t\t\t\t<div class=\"elementor-wrapper elementor-open-inline\">\n\t\t\t<div class=\"elementor-video\"><\/div>\t\t<\/div>\n\t\t\t\t<\/div>\n\t\t\t\t<\/div>\n\t\t\t\t<section class=\"elementor-section elementor-inner-section elementor-element elementor-element-7f810ac4 elementor-section-full_width elementor-section-height-default elementor-section-height-default\" data-id=\"7f810ac4\" data-element_type=\"section\">\n\t\t\t\t\t\t<div class=\"elementor-container elementor-column-gap-default\">\n\t\t\t\t\t<div class=\"elementor-column elementor-col-100 elementor-inner-column elementor-element elementor-element-18740b19\" data-id=\"18740b19\" data-element_type=\"column\">\n\t\t\t<div class=\"elementor-widget-wrap elementor-element-populated\">\n\t\t\t\t\t\t<div class=\"elementor-element elementor-element-5767bbd5 elementor-widget elementor-widget-heading\" data-id=\"5767bbd5\" data-element_type=\"widget\" data-widget_type=\"heading.default\">\n\t\t\t\t<div class=\"elementor-widget-container\">\n\t\t\t<h1 class=\"elementor-heading-title elementor-size-default\">Noticias<\/h1>\t\t<\/div>\n\t\t\t\t<\/div>\n\t\t\t\t<div class=\"elementor-element elementor-element-6a21de5 elementor-grid-eael-col-3 elementor-grid-tablet-eael-col-2 elementor-grid-mobile-eael-col-1 elementor-widget elementor-widget-eael-post-grid\" data-id=\"6a21de5\" data-element_type=\"widget\" data-settings=\"{&quot;eael_post_grid_columns&quot;:&quot;eael-col-3&quot;,&quot;eael_post_grid_columns_tablet&quot;:&quot;eael-col-2&quot;,&quot;eael_post_grid_columns_mobile&quot;:&quot;eael-col-1&quot;}\" data-widget_type=\"eael-post-grid.default\">\n\t\t\t\t<div class=\"elementor-widget-container\">\n\t\t\t<div id=\"eael-post-grid-6a21de5\" class=\"eael-post-grid-container\">\n            <div class=\"eael-post-grid eael-post-appender eael-post-appender-6a21de5 eael-post-grid-style-two\" data-layout-mode=\"grid\"><article class=\"eael-grid-post eael-post-grid-column\" data-id=\"2369\">\n        <div class=\"eael-grid-post-holder\">\n            <div class=\"eael-grid-post-holder-inner\"><div class=\"eael-entry-media\"><div class=\"eael-entry-overlay fade-in\"><i class=\"fas fa-long-arrow-alt-right\" aria-hidden=\"true\"><\/i><a href=\"https:\/\/unaltrasena.com\/index.php\/2026\/03\/26\/la-inclusion-educativa-un-desafio-que-requiere-soluciones-integrales\/\"><\/a><\/div><div class=\"eael-entry-thumbnail \">\n                                <img fetchpriority=\"high\" decoding=\"async\" width=\"300\" height=\"300\" src=\"https:\/\/unaltrasena.com\/wp-content\/uploads\/2026\/03\/WhatsApp-Image-2026-03-21-at-08.17.53-300x300.jpeg\" class=\"attachment-medium size-medium wp-image-2377\" alt=\"\" srcset=\"https:\/\/unaltrasena.com\/wp-content\/uploads\/2026\/03\/WhatsApp-Image-2026-03-21-at-08.17.53-300x300.jpeg 300w, https:\/\/unaltrasena.com\/wp-content\/uploads\/2026\/03\/WhatsApp-Image-2026-03-21-at-08.17.53-1024x1024.jpeg 1024w, https:\/\/unaltrasena.com\/wp-content\/uploads\/2026\/03\/WhatsApp-Image-2026-03-21-at-08.17.53-150x150.jpeg 150w, https:\/\/unaltrasena.com\/wp-content\/uploads\/2026\/03\/WhatsApp-Image-2026-03-21-at-08.17.53-768x768.jpeg 768w, https:\/\/unaltrasena.com\/wp-content\/uploads\/2026\/03\/WhatsApp-Image-2026-03-21-at-08.17.53.jpeg 1280w\" sizes=\"(max-width: 300px) 100vw, 300px\" \/>\n                              <\/div>\n                      <\/div><div class=\"eael-entry-wrapper\"><header class=\"eael-entry-header\"><h2 class=\"eael-entry-title\"><a\n                                    class=\"eael-grid-post-link\"\n                                    href=\"https:\/\/unaltrasena.com\/index.php\/2026\/03\/26\/la-inclusion-educativa-un-desafio-que-requiere-soluciones-integrales\/\"\n                                    title=\"La Inclusi\u00f3n Educativa: Un Desaf\u00edo que Requiere Soluciones Integrales\">La Inclusi\u00f3n Educativa: Un Desaf\u00edo que Requiere Soluciones Integrales<\/a><\/h2><\/header><div class=\"eael-entry-content\">\n                                    <div class=\"eael-grid-post-excerpt\"><p>La Ley Estatutaria 1618 de 2013 ha marcado un hito...<\/p><a\n                                        href=\"https:\/\/unaltrasena.com\/index.php\/2026\/03\/26\/la-inclusion-educativa-un-desafio-que-requiere-soluciones-integrales\/\"\n                                        class=\"eael-post-elements-readmore-btn\">Leer m\u00e1s<\/a><\/div>\n                                <\/div><div class=\"eael-entry-header-after style-two\"><div class=\"eael-entry-meta\"><span class=\"eael-meta-posted-on\"><i class=\"far fa-clock\"><\/i><time datetime=\"26\/03\/2026\">26\/03\/2026<\/time><\/span><\/div><\/div><\/div><\/div>\n        <\/div>\n    <\/article><article class=\"eael-grid-post eael-post-grid-column\" data-id=\"2357\">\n        <div class=\"eael-grid-post-holder\">\n            <div class=\"eael-grid-post-holder-inner\"><div class=\"eael-entry-media\"><div class=\"eael-entry-overlay fade-in\"><i class=\"fas fa-long-arrow-alt-right\" aria-hidden=\"true\"><\/i><a href=\"https:\/\/unaltrasena.com\/index.php\/2026\/03\/26\/el-sena-se-conecta-con-la-inclusion-un-compromiso-de-todos\/\"><\/a><\/div><div class=\"eael-entry-thumbnail \">\n                                <img decoding=\"async\" width=\"300\" height=\"164\" src=\"https:\/\/unaltrasena.com\/wp-content\/uploads\/2026\/03\/Gemini_Generated_Image_lspgfjlspgfjlspg-300x164.png\" class=\"attachment-medium size-medium wp-image-2368\" alt=\"\" srcset=\"https:\/\/unaltrasena.com\/wp-content\/uploads\/2026\/03\/Gemini_Generated_Image_lspgfjlspgfjlspg-300x164.png 300w, https:\/\/unaltrasena.com\/wp-content\/uploads\/2026\/03\/Gemini_Generated_Image_lspgfjlspgfjlspg-1024x559.png 1024w, https:\/\/unaltrasena.com\/wp-content\/uploads\/2026\/03\/Gemini_Generated_Image_lspgfjlspgfjlspg-768x419.png 768w, https:\/\/unaltrasena.com\/wp-content\/uploads\/2026\/03\/Gemini_Generated_Image_lspgfjlspgfjlspg-1536x838.png 1536w, https:\/\/unaltrasena.com\/wp-content\/uploads\/2026\/03\/Gemini_Generated_Image_lspgfjlspgfjlspg-2048x1117.png 2048w\" sizes=\"(max-width: 300px) 100vw, 300px\" \/>\n                              <\/div>\n                      <\/div><div class=\"eael-entry-wrapper\"><header class=\"eael-entry-header\"><h2 class=\"eael-entry-title\"><a\n                                    class=\"eael-grid-post-link\"\n                                    href=\"https:\/\/unaltrasena.com\/index.php\/2026\/03\/26\/el-sena-se-conecta-con-la-inclusion-un-compromiso-de-todos\/\"\n                                    title=\"El SENA se conecta con la inclusi\u00f3n Un compromiso de todos\">El SENA se conecta con la inclusi\u00f3n Un compromiso de todos<\/a><\/h2><\/header><div class=\"eael-entry-content\">\n                                    <div class=\"eael-grid-post-excerpt\"><p>Recientemente se llev\u00f3 a cabo una reuni\u00f3n clave con la...<\/p><a\n                                        href=\"https:\/\/unaltrasena.com\/index.php\/2026\/03\/26\/el-sena-se-conecta-con-la-inclusion-un-compromiso-de-todos\/\"\n                                        class=\"eael-post-elements-readmore-btn\">Leer m\u00e1s<\/a><\/div>\n                                <\/div><div class=\"eael-entry-header-after style-two\"><div class=\"eael-entry-meta\"><span class=\"eael-meta-posted-on\"><i class=\"far fa-clock\"><\/i><time datetime=\"26\/03\/2026\">26\/03\/2026<\/time><\/span><\/div><\/div><\/div><\/div>\n        <\/div>\n    <\/article><article class=\"eael-grid-post eael-post-grid-column\" data-id=\"2349\">\n        <div class=\"eael-grid-post-holder\">\n            <div class=\"eael-grid-post-holder-inner\"><div class=\"eael-entry-media\"><div class=\"eael-entry-overlay fade-in\"><i class=\"fas fa-long-arrow-alt-right\" aria-hidden=\"true\"><\/i><a href=\"https:\/\/unaltrasena.com\/index.php\/2026\/03\/26\/inclusion-en-el-sena-un-compromiso-de-todos-bajo-el-liderazgo-de-claudia-cristina-mendez-villarruel\/\"><\/a><\/div><div class=\"eael-entry-thumbnail \">\n                                <img decoding=\"async\" width=\"300\" height=\"164\" src=\"https:\/\/unaltrasena.com\/wp-content\/uploads\/2026\/03\/Gemini_Generated_Image_j5v01oj5v01oj5v0-300x164.png\" class=\"attachment-medium size-medium wp-image-2354\" alt=\"\" srcset=\"https:\/\/unaltrasena.com\/wp-content\/uploads\/2026\/03\/Gemini_Generated_Image_j5v01oj5v01oj5v0-300x164.png 300w, https:\/\/unaltrasena.com\/wp-content\/uploads\/2026\/03\/Gemini_Generated_Image_j5v01oj5v01oj5v0-1024x559.png 1024w, https:\/\/unaltrasena.com\/wp-content\/uploads\/2026\/03\/Gemini_Generated_Image_j5v01oj5v01oj5v0-768x419.png 768w, https:\/\/unaltrasena.com\/wp-content\/uploads\/2026\/03\/Gemini_Generated_Image_j5v01oj5v01oj5v0-1536x838.png 1536w, https:\/\/unaltrasena.com\/wp-content\/uploads\/2026\/03\/Gemini_Generated_Image_j5v01oj5v01oj5v0-2048x1117.png 2048w\" sizes=\"(max-width: 300px) 100vw, 300px\" \/>\n                              <\/div>\n                      <\/div><div class=\"eael-entry-wrapper\"><header class=\"eael-entry-header\"><h2 class=\"eael-entry-title\"><a\n                                    class=\"eael-grid-post-link\"\n                                    href=\"https:\/\/unaltrasena.com\/index.php\/2026\/03\/26\/inclusion-en-el-sena-un-compromiso-de-todos-bajo-el-liderazgo-de-claudia-cristina-mendez-villarruel\/\"\n                                    title=\"Inclusi\u00f3n en el SENA Un Compromiso de Todos bajo el Liderazgo de Claudia Cristina M\u00e9ndez Villarruel Presidenta Subdirectiva Cundinamarca Unaltrasena\">Inclusi\u00f3n en el SENA Un Compromiso de Todos bajo el Liderazgo de Claudia Cristina M\u00e9ndez Villarruel Presidenta Subdirectiva Cundinamarca Unaltrasena<\/a><\/h2><\/header><div class=\"eael-entry-content\">\n                                    <div class=\"eael-grid-post-excerpt\"><p>La inclusi\u00f3n en el SENA ha dejado de ser una...<\/p><a\n                                        href=\"https:\/\/unaltrasena.com\/index.php\/2026\/03\/26\/inclusion-en-el-sena-un-compromiso-de-todos-bajo-el-liderazgo-de-claudia-cristina-mendez-villarruel\/\"\n                                        class=\"eael-post-elements-readmore-btn\">Leer m\u00e1s<\/a><\/div>\n                                <\/div><div class=\"eael-entry-header-after style-two\"><div class=\"eael-entry-meta\"><span class=\"eael-meta-posted-on\"><i class=\"far fa-clock\"><\/i><time datetime=\"26\/03\/2026\">26\/03\/2026<\/time><\/span><\/div><\/div><\/div><\/div>\n        <\/div>\n    <\/article><article class=\"eael-grid-post eael-post-grid-column\" data-id=\"2343\">\n        <div class=\"eael-grid-post-holder\">\n            <div class=\"eael-grid-post-holder-inner\"><div class=\"eael-entry-media\"><div class=\"eael-entry-overlay fade-in\"><i class=\"fas fa-long-arrow-alt-right\" aria-hidden=\"true\"><\/i><a href=\"https:\/\/unaltrasena.com\/index.php\/2026\/03\/26\/ciberseguridad-en-el-equipo-que-pasa-cuando-hackean-el-whatsapp-de-un-companero\/\"><\/a><\/div><div class=\"eael-entry-thumbnail \">\n                                <img loading=\"lazy\" decoding=\"async\" width=\"300\" height=\"164\" src=\"https:\/\/unaltrasena.com\/wp-content\/uploads\/2026\/03\/Gemini_Generated_Image_jf7aatjf7aatjf7a-300x164.png\" class=\"attachment-medium size-medium wp-image-2348\" alt=\"\" srcset=\"https:\/\/unaltrasena.com\/wp-content\/uploads\/2026\/03\/Gemini_Generated_Image_jf7aatjf7aatjf7a-300x164.png 300w, https:\/\/unaltrasena.com\/wp-content\/uploads\/2026\/03\/Gemini_Generated_Image_jf7aatjf7aatjf7a-1024x559.png 1024w, https:\/\/unaltrasena.com\/wp-content\/uploads\/2026\/03\/Gemini_Generated_Image_jf7aatjf7aatjf7a-768x419.png 768w, https:\/\/unaltrasena.com\/wp-content\/uploads\/2026\/03\/Gemini_Generated_Image_jf7aatjf7aatjf7a-1536x838.png 1536w, https:\/\/unaltrasena.com\/wp-content\/uploads\/2026\/03\/Gemini_Generated_Image_jf7aatjf7aatjf7a-2048x1117.png 2048w\" sizes=\"(max-width: 300px) 100vw, 300px\" \/>\n                              <\/div>\n                      <\/div><div class=\"eael-entry-wrapper\"><header class=\"eael-entry-header\"><h2 class=\"eael-entry-title\"><a\n                                    class=\"eael-grid-post-link\"\n                                    href=\"https:\/\/unaltrasena.com\/index.php\/2026\/03\/26\/ciberseguridad-en-el-equipo-que-pasa-cuando-hackean-el-whatsapp-de-un-companero\/\"\n                                    title=\"Ciberseguridad en el Equipo: \u00bfQu\u00e9 pasa cuando hackean el WhatsApp de un compa\u00f1ero?\">Ciberseguridad en el Equipo: \u00bfQu\u00e9 pasa cuando hackean el WhatsApp de un compa\u00f1ero?<\/a><\/h2><\/header><div class=\"eael-entry-content\">\n                                    <div class=\"eael-grid-post-excerpt\"><p>En el entorno de formaci\u00f3n y trabajo colaborativo actual, WhatsApp...<\/p><a\n                                        href=\"https:\/\/unaltrasena.com\/index.php\/2026\/03\/26\/ciberseguridad-en-el-equipo-que-pasa-cuando-hackean-el-whatsapp-de-un-companero\/\"\n                                        class=\"eael-post-elements-readmore-btn\">Leer m\u00e1s<\/a><\/div>\n                                <\/div><div class=\"eael-entry-header-after style-two\"><div class=\"eael-entry-meta\"><span class=\"eael-meta-posted-on\"><i class=\"far fa-clock\"><\/i><time datetime=\"26\/03\/2026\">26\/03\/2026<\/time><\/span><\/div><\/div><\/div><\/div>\n        <\/div>\n    <\/article><article class=\"eael-grid-post eael-post-grid-column\" data-id=\"2333\">\n        <div class=\"eael-grid-post-holder\">\n            <div class=\"eael-grid-post-holder-inner\"><div class=\"eael-entry-media\"><div class=\"eael-entry-overlay fade-in\"><i class=\"fas fa-long-arrow-alt-right\" aria-hidden=\"true\"><\/i><a href=\"https:\/\/unaltrasena.com\/index.php\/2026\/03\/17\/unaltrasena-avanza-en-la-articulacion-sindical-con-las-subdirectivas-bogota-y-cundinamarca\/\"><\/a><\/div><div class=\"eael-entry-thumbnail \">\n                                <img loading=\"lazy\" decoding=\"async\" width=\"300\" height=\"174\" src=\"https:\/\/unaltrasena.com\/wp-content\/uploads\/2026\/03\/WhatsApp-Image-2026-03-20-at-12.24.38-e1775518987799-300x174.jpeg\" class=\"attachment-medium size-medium wp-image-2339\" alt=\"\" srcset=\"https:\/\/unaltrasena.com\/wp-content\/uploads\/2026\/03\/WhatsApp-Image-2026-03-20-at-12.24.38-e1775518987799-300x174.jpeg 300w, https:\/\/unaltrasena.com\/wp-content\/uploads\/2026\/03\/WhatsApp-Image-2026-03-20-at-12.24.38-e1775518987799-768x446.jpeg 768w, https:\/\/unaltrasena.com\/wp-content\/uploads\/2026\/03\/WhatsApp-Image-2026-03-20-at-12.24.38-e1775518987799.jpeg 930w\" sizes=\"(max-width: 300px) 100vw, 300px\" \/>\n                              <\/div>\n                      <\/div><div class=\"eael-entry-wrapper\"><header class=\"eael-entry-header\"><h2 class=\"eael-entry-title\"><a\n                                    class=\"eael-grid-post-link\"\n                                    href=\"https:\/\/unaltrasena.com\/index.php\/2026\/03\/17\/unaltrasena-avanza-en-la-articulacion-sindical-con-las-subdirectivas-bogota-y-cundinamarca\/\"\n                                    title=\"UNALTRASENA avanza en la articulaci\u00f3n sindical con las subdirectivas Bogot\u00e1 y Cundinamarca\">UNALTRASENA avanza en la articulaci\u00f3n sindical con las subdirectivas Bogot\u00e1 y Cundinamarca<\/a><\/h2><\/header><div class=\"eael-entry-content\">\n                                    <div class=\"eael-grid-post-excerpt\"><p>En el marco de su estrategia de fortalecimiento organizativo y...<\/p><a\n                                        href=\"https:\/\/unaltrasena.com\/index.php\/2026\/03\/17\/unaltrasena-avanza-en-la-articulacion-sindical-con-las-subdirectivas-bogota-y-cundinamarca\/\"\n                                        class=\"eael-post-elements-readmore-btn\">Leer m\u00e1s<\/a><\/div>\n                                <\/div><div class=\"eael-entry-header-after style-two\"><div class=\"eael-entry-meta\"><span class=\"eael-meta-posted-on\"><i class=\"far fa-clock\"><\/i><time datetime=\"17\/03\/2026\">17\/03\/2026<\/time><\/span><\/div><\/div><\/div><\/div>\n        <\/div>\n    <\/article><article class=\"eael-grid-post eael-post-grid-column\" data-id=\"2321\">\n        <div class=\"eael-grid-post-holder\">\n            <div class=\"eael-grid-post-holder-inner\"><div class=\"eael-entry-media\"><div class=\"eael-entry-overlay fade-in\"><i class=\"fas fa-long-arrow-alt-right\" aria-hidden=\"true\"><\/i><a href=\"https:\/\/unaltrasena.com\/index.php\/2026\/03\/14\/analisis-del-relacionamiento-risaralda-avances-pendientes-y-el-compromiso-de-unaltrasena\/\"><\/a><\/div><div class=\"eael-entry-thumbnail \">\n                                <img loading=\"lazy\" decoding=\"async\" width=\"300\" height=\"164\" src=\"https:\/\/unaltrasena.com\/wp-content\/uploads\/2026\/03\/Gemini_Generated_Image_viebgfviebgfvieb-300x164.png\" class=\"attachment-medium size-medium wp-image-2326\" alt=\"\" srcset=\"https:\/\/unaltrasena.com\/wp-content\/uploads\/2026\/03\/Gemini_Generated_Image_viebgfviebgfvieb-300x164.png 300w, https:\/\/unaltrasena.com\/wp-content\/uploads\/2026\/03\/Gemini_Generated_Image_viebgfviebgfvieb-1024x559.png 1024w, https:\/\/unaltrasena.com\/wp-content\/uploads\/2026\/03\/Gemini_Generated_Image_viebgfviebgfvieb-768x419.png 768w, https:\/\/unaltrasena.com\/wp-content\/uploads\/2026\/03\/Gemini_Generated_Image_viebgfviebgfvieb-1536x838.png 1536w, https:\/\/unaltrasena.com\/wp-content\/uploads\/2026\/03\/Gemini_Generated_Image_viebgfviebgfvieb-2048x1117.png 2048w\" sizes=\"(max-width: 300px) 100vw, 300px\" \/>\n                              <\/div>\n                      <\/div><div class=\"eael-entry-wrapper\"><header class=\"eael-entry-header\"><h2 class=\"eael-entry-title\"><a\n                                    class=\"eael-grid-post-link\"\n                                    href=\"https:\/\/unaltrasena.com\/index.php\/2026\/03\/14\/analisis-del-relacionamiento-risaralda-avances-pendientes-y-el-compromiso-de-unaltrasena\/\"\n                                    title=\"An\u00e1lisis del Relacionamiento Risaralda: Avances, Pendientes y el Compromiso de Unaltrasena\">An\u00e1lisis del Relacionamiento Risaralda: Avances, Pendientes y el Compromiso de Unaltrasena<\/a><\/h2><\/header><div class=\"eael-entry-content\">\n                                    <div class=\"eael-grid-post-excerpt\"><p>El pasado 13 de febrero de 2026, se llev\u00f3 a...<\/p><a\n                                        href=\"https:\/\/unaltrasena.com\/index.php\/2026\/03\/14\/analisis-del-relacionamiento-risaralda-avances-pendientes-y-el-compromiso-de-unaltrasena\/\"\n                                        class=\"eael-post-elements-readmore-btn\">Leer m\u00e1s<\/a><\/div>\n                                <\/div><div class=\"eael-entry-header-after style-two\"><div class=\"eael-entry-meta\"><span class=\"eael-meta-posted-on\"><i class=\"far fa-clock\"><\/i><time datetime=\"14\/03\/2026\">14\/03\/2026<\/time><\/span><\/div><\/div><\/div><\/div>\n        <\/div>\n    <\/article><article class=\"eael-grid-post eael-post-grid-column\" data-id=\"2315\">\n        <div class=\"eael-grid-post-holder\">\n            <div class=\"eael-grid-post-holder-inner\"><div class=\"eael-entry-media\"><div class=\"eael-entry-overlay fade-in\"><i class=\"fas fa-long-arrow-alt-right\" aria-hidden=\"true\"><\/i><a href=\"https:\/\/unaltrasena.com\/index.php\/2026\/02\/21\/record-historico-con-370-000-contratos-de-aprendizaje-logrados\/\"><\/a><\/div><div class=\"eael-entry-thumbnail \">\n                                <img loading=\"lazy\" decoding=\"async\" width=\"300\" height=\"300\" src=\"https:\/\/unaltrasena.com\/wp-content\/uploads\/2026\/02\/aprendices-300x300.jpg\" class=\"attachment-medium size-medium wp-image-2319\" alt=\"\" srcset=\"https:\/\/unaltrasena.com\/wp-content\/uploads\/2026\/02\/aprendices-300x300.jpg 300w, https:\/\/unaltrasena.com\/wp-content\/uploads\/2026\/02\/aprendices-150x150.jpg 150w, https:\/\/unaltrasena.com\/wp-content\/uploads\/2026\/02\/aprendices-768x768.jpg 768w, https:\/\/unaltrasena.com\/wp-content\/uploads\/2026\/02\/aprendices.jpg 1024w\" sizes=\"(max-width: 300px) 100vw, 300px\" \/>\n                              <\/div>\n                      <\/div><div class=\"eael-entry-wrapper\"><header class=\"eael-entry-header\"><h2 class=\"eael-entry-title\"><a\n                                    class=\"eael-grid-post-link\"\n                                    href=\"https:\/\/unaltrasena.com\/index.php\/2026\/02\/21\/record-historico-con-370-000-contratos-de-aprendizaje-logrados\/\"\n                                    title=\"R\u00e9cord Hist\u00f3rico con 370.000 Contratos de Aprendizaje Logrados\">R\u00e9cord Hist\u00f3rico con 370.000 Contratos de Aprendizaje Logrados<\/a><\/h2><\/header><div class=\"eael-entry-content\">\n                                    <div class=\"eael-grid-post-excerpt\"><p>El 2025 se ha consolidado como un a\u00f1o de transformaci\u00f3n...<\/p><a\n                                        href=\"https:\/\/unaltrasena.com\/index.php\/2026\/02\/21\/record-historico-con-370-000-contratos-de-aprendizaje-logrados\/\"\n                                        class=\"eael-post-elements-readmore-btn\">Leer m\u00e1s<\/a><\/div>\n                                <\/div><div class=\"eael-entry-header-after style-two\"><div class=\"eael-entry-meta\"><span class=\"eael-meta-posted-on\"><i class=\"far fa-clock\"><\/i><time datetime=\"21\/02\/2026\">21\/02\/2026<\/time><\/span><\/div><\/div><\/div><\/div>\n        <\/div>\n    <\/article><article class=\"eael-grid-post eael-post-grid-column\" data-id=\"2298\">\n        <div class=\"eael-grid-post-holder\">\n            <div class=\"eael-grid-post-holder-inner\"><div class=\"eael-entry-media\"><div class=\"eael-entry-overlay fade-in\"><i class=\"fas fa-long-arrow-alt-right\" aria-hidden=\"true\"><\/i><a href=\"https:\/\/unaltrasena.com\/index.php\/2026\/02\/04\/del-copyright-en-el-servicio-nacional-de-aprendizaje-sena\/\"><\/a><\/div><div class=\"eael-entry-thumbnail \">\n                                <img loading=\"lazy\" decoding=\"async\" width=\"300\" height=\"300\" src=\"https:\/\/unaltrasena.com\/wp-content\/uploads\/2026\/02\/9b013884-edaa-4144-a31d-ab8b1adc22d9-300x300.jpg\" class=\"attachment-medium size-medium wp-image-2303\" alt=\"\" srcset=\"https:\/\/unaltrasena.com\/wp-content\/uploads\/2026\/02\/9b013884-edaa-4144-a31d-ab8b1adc22d9-300x300.jpg 300w, https:\/\/unaltrasena.com\/wp-content\/uploads\/2026\/02\/9b013884-edaa-4144-a31d-ab8b1adc22d9-150x150.jpg 150w, https:\/\/unaltrasena.com\/wp-content\/uploads\/2026\/02\/9b013884-edaa-4144-a31d-ab8b1adc22d9-768x768.jpg 768w, https:\/\/unaltrasena.com\/wp-content\/uploads\/2026\/02\/9b013884-edaa-4144-a31d-ab8b1adc22d9.jpg 1024w\" sizes=\"(max-width: 300px) 100vw, 300px\" \/>\n                              <\/div>\n                      <\/div><div class=\"eael-entry-wrapper\"><header class=\"eael-entry-header\"><h2 class=\"eael-entry-title\"><a\n                                    class=\"eael-grid-post-link\"\n                                    href=\"https:\/\/unaltrasena.com\/index.php\/2026\/02\/04\/del-copyright-en-el-servicio-nacional-de-aprendizaje-sena\/\"\n                                    title=\"DEL COPYRIGHT EN EL SERVICIO NACIONAL DE APRENDIZAJE \u2013 SENA.\">DEL COPYRIGHT EN EL SERVICIO NACIONAL DE APRENDIZAJE \u2013 SENA.<\/a><\/h2><\/header><div class=\"eael-entry-content\">\n                                    <div class=\"eael-grid-post-excerpt\"><p>El Servicio Nacional de Aprendizaje \u2013 SENA, como entidad p\u00fablica...<\/p><a\n                                        href=\"https:\/\/unaltrasena.com\/index.php\/2026\/02\/04\/del-copyright-en-el-servicio-nacional-de-aprendizaje-sena\/\"\n                                        class=\"eael-post-elements-readmore-btn\">Leer m\u00e1s<\/a><\/div>\n                                <\/div><div class=\"eael-entry-header-after style-two\"><div class=\"eael-entry-meta\"><span class=\"eael-meta-posted-on\"><i class=\"far fa-clock\"><\/i><time datetime=\"04\/02\/2026\">04\/02\/2026<\/time><\/span><\/div><\/div><\/div><\/div>\n        <\/div>\n    <\/article><article class=\"eael-grid-post eael-post-grid-column\" data-id=\"2289\">\n        <div class=\"eael-grid-post-holder\">\n            <div class=\"eael-grid-post-holder-inner\"><div class=\"eael-entry-media\"><div class=\"eael-entry-overlay fade-in\"><i class=\"fas fa-long-arrow-alt-right\" aria-hidden=\"true\"><\/i><a href=\"https:\/\/unaltrasena.com\/index.php\/2026\/02\/04\/como-participar-en-la-creacion-de-normas-de-competencia-laboral-del-sena-guia-de-contacto-y-llamado-de-unaltrasena\/\"><\/a><\/div><div class=\"eael-entry-thumbnail \">\n                                <img loading=\"lazy\" decoding=\"async\" width=\"300\" height=\"300\" src=\"https:\/\/unaltrasena.com\/wp-content\/uploads\/2026\/02\/Gemini_Generated_Image_f7mi62f7mi62f7mi-300x300.png\" class=\"attachment-medium size-medium wp-image-2294\" alt=\"\" srcset=\"https:\/\/unaltrasena.com\/wp-content\/uploads\/2026\/02\/Gemini_Generated_Image_f7mi62f7mi62f7mi-300x300.png 300w, https:\/\/unaltrasena.com\/wp-content\/uploads\/2026\/02\/Gemini_Generated_Image_f7mi62f7mi62f7mi-150x150.png 150w, https:\/\/unaltrasena.com\/wp-content\/uploads\/2026\/02\/Gemini_Generated_Image_f7mi62f7mi62f7mi-768x768.png 768w, https:\/\/unaltrasena.com\/wp-content\/uploads\/2026\/02\/Gemini_Generated_Image_f7mi62f7mi62f7mi.png 1024w\" sizes=\"(max-width: 300px) 100vw, 300px\" \/>\n                              <\/div>\n                      <\/div><div class=\"eael-entry-wrapper\"><header class=\"eael-entry-header\"><h2 class=\"eael-entry-title\"><a\n                                    class=\"eael-grid-post-link\"\n                                    href=\"https:\/\/unaltrasena.com\/index.php\/2026\/02\/04\/como-participar-en-la-creacion-de-normas-de-competencia-laboral-del-sena-guia-de-contacto-y-llamado-de-unaltrasena\/\"\n                                    title=\"\u00bfC\u00f3mo participar en la creaci\u00f3n de Normas de Competencia Laboral del SENA? Gu\u00eda de contacto y llamado de UNALTRASENA\">\u00bfC\u00f3mo participar en la creaci\u00f3n de Normas de Competencia Laboral del SENA? Gu\u00eda de contacto y llamado de UNALTRASENA<\/a><\/h2><\/header><div class=\"eael-entry-content\">\n                                    <div class=\"eael-grid-post-excerpt\"><p>La pertinencia de la formaci\u00f3n profesional en Colombia depende de...<\/p><a\n                                        href=\"https:\/\/unaltrasena.com\/index.php\/2026\/02\/04\/como-participar-en-la-creacion-de-normas-de-competencia-laboral-del-sena-guia-de-contacto-y-llamado-de-unaltrasena\/\"\n                                        class=\"eael-post-elements-readmore-btn\">Leer m\u00e1s<\/a><\/div>\n                                <\/div><div class=\"eael-entry-header-after style-two\"><div class=\"eael-entry-meta\"><span class=\"eael-meta-posted-on\"><i class=\"far fa-clock\"><\/i><time datetime=\"04\/02\/2026\">04\/02\/2026<\/time><\/span><\/div><\/div><\/div><\/div>\n        <\/div>\n    <\/article><article class=\"eael-grid-post eael-post-grid-column\" data-id=\"2282\">\n        <div class=\"eael-grid-post-holder\">\n            <div class=\"eael-grid-post-holder-inner\"><div class=\"eael-entry-media\"><div class=\"eael-entry-overlay fade-in\"><i class=\"fas fa-long-arrow-alt-right\" aria-hidden=\"true\"><\/i><a href=\"https:\/\/unaltrasena.com\/index.php\/2026\/02\/04\/plan-de-accion-sena-2026-un-cierre-de-gestion-enfocado-en-el-campo-y-la-economia-popular\/\"><\/a><\/div><div class=\"eael-entry-thumbnail \">\n                                <img loading=\"lazy\" decoding=\"async\" width=\"300\" height=\"300\" src=\"https:\/\/unaltrasena.com\/wp-content\/uploads\/2026\/02\/Gemini_Generated_Image_g0sgb3g0sgb3g0sg-300x300.png\" class=\"attachment-medium size-medium wp-image-2287\" alt=\"\" srcset=\"https:\/\/unaltrasena.com\/wp-content\/uploads\/2026\/02\/Gemini_Generated_Image_g0sgb3g0sgb3g0sg-300x300.png 300w, https:\/\/unaltrasena.com\/wp-content\/uploads\/2026\/02\/Gemini_Generated_Image_g0sgb3g0sgb3g0sg-150x150.png 150w, https:\/\/unaltrasena.com\/wp-content\/uploads\/2026\/02\/Gemini_Generated_Image_g0sgb3g0sgb3g0sg-768x768.png 768w, https:\/\/unaltrasena.com\/wp-content\/uploads\/2026\/02\/Gemini_Generated_Image_g0sgb3g0sgb3g0sg.png 1024w\" sizes=\"(max-width: 300px) 100vw, 300px\" \/>\n                              <\/div>\n                      <\/div><div class=\"eael-entry-wrapper\"><header class=\"eael-entry-header\"><h2 class=\"eael-entry-title\"><a\n                                    class=\"eael-grid-post-link\"\n                                    href=\"https:\/\/unaltrasena.com\/index.php\/2026\/02\/04\/plan-de-accion-sena-2026-un-cierre-de-gestion-enfocado-en-el-campo-y-la-economia-popular\/\"\n                                    title=\"Plan de Acci\u00f3n SENA 2026. Un cierre de gesti\u00f3n enfocado en el campo y la econom\u00eda popular\">Plan de Acci\u00f3n SENA 2026. Un cierre de gesti\u00f3n enfocado en el campo y la econom\u00eda popular<\/a><\/h2><\/header><div class=\"eael-entry-content\">\n                                    <div class=\"eael-grid-post-excerpt\"><p>El Servicio Nacional de Aprendizaje (SENA) ha presentado su Plan...<\/p><a\n                                        href=\"https:\/\/unaltrasena.com\/index.php\/2026\/02\/04\/plan-de-accion-sena-2026-un-cierre-de-gestion-enfocado-en-el-campo-y-la-economia-popular\/\"\n                                        class=\"eael-post-elements-readmore-btn\">Leer m\u00e1s<\/a><\/div>\n                                <\/div><div class=\"eael-entry-header-after style-two\"><div class=\"eael-entry-meta\"><span class=\"eael-meta-posted-on\"><i class=\"far fa-clock\"><\/i><time datetime=\"04\/02\/2026\">04\/02\/2026<\/time><\/span><\/div><\/div><\/div><\/div>\n        <\/div>\n    <\/article><article class=\"eael-grid-post eael-post-grid-column\" data-id=\"2277\">\n        <div class=\"eael-grid-post-holder\">\n            <div class=\"eael-grid-post-holder-inner\"><div class=\"eael-entry-media\"><div class=\"eael-entry-overlay fade-in\"><i class=\"fas fa-long-arrow-alt-right\" aria-hidden=\"true\"><\/i><a href=\"https:\/\/unaltrasena.com\/index.php\/2026\/02\/04\/unidad-fuerza-y-futuro-un-saludo-a-la-familia-unaltrasena\/\"><\/a><\/div><div class=\"eael-entry-thumbnail \">\n                                <img loading=\"lazy\" decoding=\"async\" width=\"300\" height=\"300\" src=\"https:\/\/unaltrasena.com\/wp-content\/uploads\/2026\/02\/unnamed-300x300.jpg\" class=\"attachment-medium size-medium wp-image-2281\" alt=\"\" srcset=\"https:\/\/unaltrasena.com\/wp-content\/uploads\/2026\/02\/unnamed-300x300.jpg 300w, https:\/\/unaltrasena.com\/wp-content\/uploads\/2026\/02\/unnamed-150x150.jpg 150w, https:\/\/unaltrasena.com\/wp-content\/uploads\/2026\/02\/unnamed-768x768.jpg 768w, https:\/\/unaltrasena.com\/wp-content\/uploads\/2026\/02\/unnamed.jpg 1024w\" sizes=\"(max-width: 300px) 100vw, 300px\" \/>\n                              <\/div>\n                      <\/div><div class=\"eael-entry-wrapper\"><header class=\"eael-entry-header\"><h2 class=\"eael-entry-title\"><a\n                                    class=\"eael-grid-post-link\"\n                                    href=\"https:\/\/unaltrasena.com\/index.php\/2026\/02\/04\/unidad-fuerza-y-futuro-un-saludo-a-la-familia-unaltrasena\/\"\n                                    title=\"Unidad, Fuerza y Futuro: Un Saludo a la Familia UNALTRASENA\">Unidad, Fuerza y Futuro: Un Saludo a la Familia UNALTRASENA<\/a><\/h2><\/header><div class=\"eael-entry-content\">\n                                    <div class=\"eael-grid-post-excerpt\"><p>Estimados compa\u00f1eros y compa\u00f1eras, valientes integrantes de UNALTRASENA: Hoy nos...<\/p><a\n                                        href=\"https:\/\/unaltrasena.com\/index.php\/2026\/02\/04\/unidad-fuerza-y-futuro-un-saludo-a-la-familia-unaltrasena\/\"\n                                        class=\"eael-post-elements-readmore-btn\">Leer m\u00e1s<\/a><\/div>\n                                <\/div><div class=\"eael-entry-header-after style-two\"><div class=\"eael-entry-meta\"><span class=\"eael-meta-posted-on\"><i class=\"far fa-clock\"><\/i><time datetime=\"04\/02\/2026\">04\/02\/2026<\/time><\/span><\/div><\/div><\/div><\/div>\n        <\/div>\n    <\/article><article class=\"eael-grid-post eael-post-grid-column\" data-id=\"2265\">\n        <div class=\"eael-grid-post-holder\">\n            <div class=\"eael-grid-post-holder-inner\"><div class=\"eael-entry-media\"><div class=\"eael-entry-overlay fade-in\"><i class=\"fas fa-long-arrow-alt-right\" aria-hidden=\"true\"><\/i><a href=\"https:\/\/unaltrasena.com\/index.php\/2025\/12\/17\/aplazado-relacionamiento-sindical-en-girardot-por-falta-de-presupuesto\/\"><\/a><\/div><div class=\"eael-entry-thumbnail \">\n                                <img loading=\"lazy\" decoding=\"async\" width=\"300\" height=\"202\" src=\"https:\/\/unaltrasena.com\/wp-content\/uploads\/2025\/12\/Imagen4-300x202.png\" class=\"attachment-medium size-medium wp-image-2270\" alt=\"\" srcset=\"https:\/\/unaltrasena.com\/wp-content\/uploads\/2025\/12\/Imagen4-300x202.png 300w, https:\/\/unaltrasena.com\/wp-content\/uploads\/2025\/12\/Imagen4.png 396w\" sizes=\"(max-width: 300px) 100vw, 300px\" \/>\n                              <\/div>\n                      <\/div><div class=\"eael-entry-wrapper\"><header class=\"eael-entry-header\"><h2 class=\"eael-entry-title\"><a\n                                    class=\"eael-grid-post-link\"\n                                    href=\"https:\/\/unaltrasena.com\/index.php\/2025\/12\/17\/aplazado-relacionamiento-sindical-en-girardot-por-falta-de-presupuesto\/\"\n                                    title=\"Aplazado relacionamiento sindical en Girardot por falta de presupuesto\">Aplazado relacionamiento sindical en Girardot por falta de presupuesto<\/a><\/h2><\/header><div class=\"eael-entry-content\">\n                                    <div class=\"eael-grid-post-excerpt\"><p>La organizaci\u00f3n sindical UNALTRASENA informa a sus afiliados y a...<\/p><a\n                                        href=\"https:\/\/unaltrasena.com\/index.php\/2025\/12\/17\/aplazado-relacionamiento-sindical-en-girardot-por-falta-de-presupuesto\/\"\n                                        class=\"eael-post-elements-readmore-btn\">Leer m\u00e1s<\/a><\/div>\n                                <\/div><div class=\"eael-entry-header-after style-two\"><div class=\"eael-entry-meta\"><span class=\"eael-meta-posted-on\"><i class=\"far fa-clock\"><\/i><time datetime=\"17\/12\/2025\">17\/12\/2025<\/time><\/span><\/div><\/div><\/div><\/div>\n        <\/div>\n    <\/article><article class=\"eael-grid-post eael-post-grid-column\" data-id=\"2259\">\n        <div class=\"eael-grid-post-holder\">\n            <div class=\"eael-grid-post-holder-inner\"><div class=\"eael-entry-media\"><div class=\"eael-entry-overlay fade-in\"><i class=\"fas fa-long-arrow-alt-right\" aria-hidden=\"true\"><\/i><a href=\"https:\/\/unaltrasena.com\/index.php\/2025\/12\/17\/mesa-de-fpi-noviembre-de-2025-unaltrasena-y-direccion-de-formacion-profesional-del-sena\/\"><\/a><\/div><div class=\"eael-entry-thumbnail \">\n                                <img loading=\"lazy\" decoding=\"async\" width=\"300\" height=\"198\" src=\"https:\/\/unaltrasena.com\/wp-content\/uploads\/2025\/12\/Imagen3-300x198.png\" class=\"attachment-medium size-medium wp-image-2264\" alt=\"\" srcset=\"https:\/\/unaltrasena.com\/wp-content\/uploads\/2025\/12\/Imagen3-300x198.png 300w, https:\/\/unaltrasena.com\/wp-content\/uploads\/2025\/12\/Imagen3.png 589w\" sizes=\"(max-width: 300px) 100vw, 300px\" \/>\n                              <\/div>\n                      <\/div><div class=\"eael-entry-wrapper\"><header class=\"eael-entry-header\"><h2 class=\"eael-entry-title\"><a\n                                    class=\"eael-grid-post-link\"\n                                    href=\"https:\/\/unaltrasena.com\/index.php\/2025\/12\/17\/mesa-de-fpi-noviembre-de-2025-unaltrasena-y-direccion-de-formacion-profesional-del-sena\/\"\n                                    title=\"Mesa de FPI noviembre de 2025 Unaltrasena y Direcci\u00f3n de Formaci\u00f3n Profesional del SENA\">Mesa de FPI noviembre de 2025 Unaltrasena y Direcci\u00f3n de Formaci\u00f3n Profesional del SENA<\/a><\/h2><\/header><div class=\"eael-entry-content\">\n                                    <div class=\"eael-grid-post-excerpt\"><p>En cumplimiento de los compromisos previamente pactados, la organizaci\u00f3n sindical...<\/p><a\n                                        href=\"https:\/\/unaltrasena.com\/index.php\/2025\/12\/17\/mesa-de-fpi-noviembre-de-2025-unaltrasena-y-direccion-de-formacion-profesional-del-sena\/\"\n                                        class=\"eael-post-elements-readmore-btn\">Leer m\u00e1s<\/a><\/div>\n                                <\/div><div class=\"eael-entry-header-after style-two\"><div class=\"eael-entry-meta\"><span class=\"eael-meta-posted-on\"><i class=\"far fa-clock\"><\/i><time datetime=\"17\/12\/2025\">17\/12\/2025<\/time><\/span><\/div><\/div><\/div><\/div>\n        <\/div>\n    <\/article><article class=\"eael-grid-post eael-post-grid-column\" data-id=\"2253\">\n        <div class=\"eael-grid-post-holder\">\n            <div class=\"eael-grid-post-holder-inner\"><div class=\"eael-entry-media\"><div class=\"eael-entry-overlay fade-in\"><i class=\"fas fa-long-arrow-alt-right\" aria-hidden=\"true\"><\/i><a href=\"https:\/\/unaltrasena.com\/index.php\/2025\/12\/17\/mesa-de-trabajo-y-concertacion-con-la-direccion-general-del-sena\/\"><\/a><\/div><div class=\"eael-entry-thumbnail \">\n                                <img loading=\"lazy\" decoding=\"async\" width=\"300\" height=\"200\" src=\"https:\/\/unaltrasena.com\/wp-content\/uploads\/2025\/12\/Imagen2-300x200.png\" class=\"attachment-medium size-medium wp-image-2258\" alt=\"\" srcset=\"https:\/\/unaltrasena.com\/wp-content\/uploads\/2025\/12\/Imagen2-300x200.png 300w, https:\/\/unaltrasena.com\/wp-content\/uploads\/2025\/12\/Imagen2.png 336w\" sizes=\"(max-width: 300px) 100vw, 300px\" \/>\n                              <\/div>\n                      <\/div><div class=\"eael-entry-wrapper\"><header class=\"eael-entry-header\"><h2 class=\"eael-entry-title\"><a\n                                    class=\"eael-grid-post-link\"\n                                    href=\"https:\/\/unaltrasena.com\/index.php\/2025\/12\/17\/mesa-de-trabajo-y-concertacion-con-la-direccion-general-del-sena\/\"\n                                    title=\"Mesa de Trabajo y Concertaci\u00f3n con la Direcci\u00f3n General del SENA\">Mesa de Trabajo y Concertaci\u00f3n con la Direcci\u00f3n General del SENA<\/a><\/h2><\/header><div class=\"eael-entry-content\">\n                                    <div class=\"eael-grid-post-excerpt\"><p>En el marco de la defensa de los derechos laborales...<\/p><a\n                                        href=\"https:\/\/unaltrasena.com\/index.php\/2025\/12\/17\/mesa-de-trabajo-y-concertacion-con-la-direccion-general-del-sena\/\"\n                                        class=\"eael-post-elements-readmore-btn\">Leer m\u00e1s<\/a><\/div>\n                                <\/div><div class=\"eael-entry-header-after style-two\"><div class=\"eael-entry-meta\"><span class=\"eael-meta-posted-on\"><i class=\"far fa-clock\"><\/i><time datetime=\"17\/12\/2025\">17\/12\/2025<\/time><\/span><\/div><\/div><\/div><\/div>\n        <\/div>\n    <\/article><article class=\"eael-grid-post eael-post-grid-column\" data-id=\"2247\">\n        <div class=\"eael-grid-post-holder\">\n            <div class=\"eael-grid-post-holder-inner\"><div class=\"eael-entry-media\"><div class=\"eael-entry-overlay fade-in\"><i class=\"fas fa-long-arrow-alt-right\" aria-hidden=\"true\"><\/i><a href=\"https:\/\/unaltrasena.com\/index.php\/2025\/12\/17\/reinduccion-institucional-fortaleciendo-el-trabajo-de-administrativos-e-instructores\/\"><\/a><\/div><div class=\"eael-entry-thumbnail \">\n                                <img loading=\"lazy\" decoding=\"async\" width=\"300\" height=\"246\" src=\"https:\/\/unaltrasena.com\/wp-content\/uploads\/2025\/12\/Imagen1-300x246.jpg\" class=\"attachment-medium size-medium wp-image-2252\" alt=\"\" srcset=\"https:\/\/unaltrasena.com\/wp-content\/uploads\/2025\/12\/Imagen1-300x246.jpg 300w, https:\/\/unaltrasena.com\/wp-content\/uploads\/2025\/12\/Imagen1.jpg 528w\" sizes=\"(max-width: 300px) 100vw, 300px\" \/>\n                              <\/div>\n                      <\/div><div class=\"eael-entry-wrapper\"><header class=\"eael-entry-header\"><h2 class=\"eael-entry-title\"><a\n                                    class=\"eael-grid-post-link\"\n                                    href=\"https:\/\/unaltrasena.com\/index.php\/2025\/12\/17\/reinduccion-institucional-fortaleciendo-el-trabajo-de-administrativos-e-instructores\/\"\n                                    title=\"Reinducci\u00f3n institucional: fortaleciendo el trabajo de administrativos e instructores\">Reinducci\u00f3n institucional: fortaleciendo el trabajo de administrativos e instructores<\/a><\/h2><\/header><div class=\"eael-entry-content\">\n                                    <div class=\"eael-grid-post-excerpt\"><p>UnaltraSena, desde una perspectiva transparente, participativa y din\u00e1mica, contin\u00faa fortaleciendo...<\/p><a\n                                        href=\"https:\/\/unaltrasena.com\/index.php\/2025\/12\/17\/reinduccion-institucional-fortaleciendo-el-trabajo-de-administrativos-e-instructores\/\"\n                                        class=\"eael-post-elements-readmore-btn\">Leer m\u00e1s<\/a><\/div>\n                                <\/div><div class=\"eael-entry-header-after style-two\"><div class=\"eael-entry-meta\"><span class=\"eael-meta-posted-on\"><i class=\"far fa-clock\"><\/i><time datetime=\"17\/12\/2025\">17\/12\/2025<\/time><\/span><\/div><\/div><\/div><\/div>\n        <\/div>\n    <\/article><article class=\"eael-grid-post eael-post-grid-column\" data-id=\"2235\">\n        <div class=\"eael-grid-post-holder\">\n            <div class=\"eael-grid-post-holder-inner\"><div class=\"eael-entry-media\"><div class=\"eael-entry-overlay fade-in\"><i class=\"fas fa-long-arrow-alt-right\" aria-hidden=\"true\"><\/i><a href=\"https:\/\/unaltrasena.com\/index.php\/2025\/12\/17\/unaltrasena-compromiso-transparencia-y-fortalecimiento-del-talento-humano\/\"><\/a><\/div><div class=\"eael-entry-thumbnail \">\n                                <img loading=\"lazy\" decoding=\"async\" width=\"300\" height=\"225\" src=\"https:\/\/unaltrasena.com\/wp-content\/uploads\/2025\/12\/Imagen-de-WhatsApp-2025-12-13-a-las-08.13.31_aece3f66-300x225.jpg\" class=\"attachment-medium size-medium wp-image-2246\" alt=\"\" srcset=\"https:\/\/unaltrasena.com\/wp-content\/uploads\/2025\/12\/Imagen-de-WhatsApp-2025-12-13-a-las-08.13.31_aece3f66-300x225.jpg 300w, https:\/\/unaltrasena.com\/wp-content\/uploads\/2025\/12\/Imagen-de-WhatsApp-2025-12-13-a-las-08.13.31_aece3f66-1024x768.jpg 1024w, https:\/\/unaltrasena.com\/wp-content\/uploads\/2025\/12\/Imagen-de-WhatsApp-2025-12-13-a-las-08.13.31_aece3f66-768x576.jpg 768w, https:\/\/unaltrasena.com\/wp-content\/uploads\/2025\/12\/Imagen-de-WhatsApp-2025-12-13-a-las-08.13.31_aece3f66.jpg 1280w\" sizes=\"(max-width: 300px) 100vw, 300px\" \/>\n                              <\/div>\n                      <\/div><div class=\"eael-entry-wrapper\"><header class=\"eael-entry-header\"><h2 class=\"eael-entry-title\"><a\n                                    class=\"eael-grid-post-link\"\n                                    href=\"https:\/\/unaltrasena.com\/index.php\/2025\/12\/17\/unaltrasena-compromiso-transparencia-y-fortalecimiento-del-talento-humano\/\"\n                                    title=\"Unaltrasena: Compromiso, Transparencia y Fortalecimiento del Talento Humano\">Unaltrasena: Compromiso, Transparencia y Fortalecimiento del Talento Humano<\/a><\/h2><\/header><div class=\"eael-entry-content\">\n                                    <div class=\"eael-grid-post-excerpt\"><p>La organizaci\u00f3n sindical Unaltrasena, fiel a sus principios de transparencia...<\/p><a\n                                        href=\"https:\/\/unaltrasena.com\/index.php\/2025\/12\/17\/unaltrasena-compromiso-transparencia-y-fortalecimiento-del-talento-humano\/\"\n                                        class=\"eael-post-elements-readmore-btn\">Leer m\u00e1s<\/a><\/div>\n                                <\/div><div class=\"eael-entry-header-after style-two\"><div class=\"eael-entry-meta\"><span class=\"eael-meta-posted-on\"><i class=\"far fa-clock\"><\/i><time datetime=\"17\/12\/2025\">17\/12\/2025<\/time><\/span><\/div><\/div><\/div><\/div>\n        <\/div>\n    <\/article><article class=\"eael-grid-post eael-post-grid-column\" data-id=\"2229\">\n        <div class=\"eael-grid-post-holder\">\n            <div class=\"eael-grid-post-holder-inner\"><div class=\"eael-entry-media\"><div class=\"eael-entry-overlay fade-in\"><i class=\"fas fa-long-arrow-alt-right\" aria-hidden=\"true\"><\/i><a href=\"https:\/\/unaltrasena.com\/index.php\/2025\/12\/17\/el-sena-y-su-relacion-de-cooperacion-y-colaboracion-con-la-educacion-superior\/\"><\/a><\/div><div class=\"eael-entry-thumbnail \">\n                                <img loading=\"lazy\" decoding=\"async\" width=\"300\" height=\"202\" src=\"https:\/\/unaltrasena.com\/wp-content\/uploads\/2025\/12\/unnamed-e1765981366950-300x202.jpg\" class=\"attachment-medium size-medium wp-image-2234\" alt=\"\" srcset=\"https:\/\/unaltrasena.com\/wp-content\/uploads\/2025\/12\/unnamed-e1765981366950-300x202.jpg 300w, https:\/\/unaltrasena.com\/wp-content\/uploads\/2025\/12\/unnamed-e1765981366950-768x518.jpg 768w, https:\/\/unaltrasena.com\/wp-content\/uploads\/2025\/12\/unnamed-e1765981366950.jpg 1024w\" sizes=\"(max-width: 300px) 100vw, 300px\" \/>\n                              <\/div>\n                      <\/div><div class=\"eael-entry-wrapper\"><header class=\"eael-entry-header\"><h2 class=\"eael-entry-title\"><a\n                                    class=\"eael-grid-post-link\"\n                                    href=\"https:\/\/unaltrasena.com\/index.php\/2025\/12\/17\/el-sena-y-su-relacion-de-cooperacion-y-colaboracion-con-la-educacion-superior\/\"\n                                    title=\"El SENA y su relaci\u00f3n de cooperaci\u00f3n y colaboraci\u00f3n con la Educaci\u00f3n Superior\">El SENA y su relaci\u00f3n de cooperaci\u00f3n y colaboraci\u00f3n con la Educaci\u00f3n Superior<\/a><\/h2><\/header><div class=\"eael-entry-content\">\n                                    <div class=\"eael-grid-post-excerpt\"><p>En la segunda mitad del siglo 20 \u2013 Era Industrial,...<\/p><a\n                                        href=\"https:\/\/unaltrasena.com\/index.php\/2025\/12\/17\/el-sena-y-su-relacion-de-cooperacion-y-colaboracion-con-la-educacion-superior\/\"\n                                        class=\"eael-post-elements-readmore-btn\">Leer m\u00e1s<\/a><\/div>\n                                <\/div><div class=\"eael-entry-header-after style-two\"><div class=\"eael-entry-meta\"><span class=\"eael-meta-posted-on\"><i class=\"far fa-clock\"><\/i><time datetime=\"17\/12\/2025\">17\/12\/2025<\/time><\/span><\/div><\/div><\/div><\/div>\n        <\/div>\n    <\/article><article class=\"eael-grid-post eael-post-grid-column\" data-id=\"2207\">\n        <div class=\"eael-grid-post-holder\">\n            <div class=\"eael-grid-post-holder-inner\"><div class=\"eael-entry-media\"><div class=\"eael-entry-overlay fade-in\"><i class=\"fas fa-long-arrow-alt-right\" aria-hidden=\"true\"><\/i><a href=\"https:\/\/unaltrasena.com\/index.php\/2025\/11\/23\/potencia-tu-carrera-invitacion-a-la-capacitacion-clave-sobre-la-evaluacion-del-desempeno-laboral-en-el-sena\/\"><\/a><\/div><div class=\"eael-entry-thumbnail \">\n                                <img loading=\"lazy\" decoding=\"async\" width=\"238\" height=\"300\" src=\"https:\/\/unaltrasena.com\/wp-content\/uploads\/2025\/11\/WhatsApp-Image-2025-11-23-at-17.07.50-238x300.jpeg\" class=\"attachment-medium size-medium wp-image-2226\" alt=\"\" srcset=\"https:\/\/unaltrasena.com\/wp-content\/uploads\/2025\/11\/WhatsApp-Image-2025-11-23-at-17.07.50-238x300.jpeg 238w, https:\/\/unaltrasena.com\/wp-content\/uploads\/2025\/11\/WhatsApp-Image-2025-11-23-at-17.07.50-812x1024.jpeg 812w, https:\/\/unaltrasena.com\/wp-content\/uploads\/2025\/11\/WhatsApp-Image-2025-11-23-at-17.07.50-768x969.jpeg 768w, https:\/\/unaltrasena.com\/wp-content\/uploads\/2025\/11\/WhatsApp-Image-2025-11-23-at-17.07.50-1217x1536.jpeg 1217w, https:\/\/unaltrasena.com\/wp-content\/uploads\/2025\/11\/WhatsApp-Image-2025-11-23-at-17.07.50.jpeg 1268w\" sizes=\"(max-width: 238px) 100vw, 238px\" \/>\n                              <\/div>\n                      <\/div><div class=\"eael-entry-wrapper\"><header class=\"eael-entry-header\"><h2 class=\"eael-entry-title\"><a\n                                    class=\"eael-grid-post-link\"\n                                    href=\"https:\/\/unaltrasena.com\/index.php\/2025\/11\/23\/potencia-tu-carrera-invitacion-a-la-capacitacion-clave-sobre-la-evaluacion-del-desempeno-laboral-en-el-sena\/\"\n                                    title=\"\u00a1Potencia tu Carrera! Invitaci\u00f3n a la Capacitaci\u00f3n Clave sobre la Evaluaci\u00f3n del Desempe\u00f1o Laboral en el SENA\">\u00a1Potencia tu Carrera! Invitaci\u00f3n a la Capacitaci\u00f3n Clave sobre la Evaluaci\u00f3n del Desempe\u00f1o Laboral en el SENA<\/a><\/h2><\/header><div class=\"eael-entry-content\">\n                                    <div class=\"eael-grid-post-excerpt\"><p>La Uni\u00f3n Nacional de Trabajadores del SENA \u2013 UNALTRASENA, a...<\/p><a\n                                        href=\"https:\/\/unaltrasena.com\/index.php\/2025\/11\/23\/potencia-tu-carrera-invitacion-a-la-capacitacion-clave-sobre-la-evaluacion-del-desempeno-laboral-en-el-sena\/\"\n                                        class=\"eael-post-elements-readmore-btn\">Leer m\u00e1s<\/a><\/div>\n                                <\/div><div class=\"eael-entry-header-after style-two\"><div class=\"eael-entry-meta\"><span class=\"eael-meta-posted-on\"><i class=\"far fa-clock\"><\/i><time datetime=\"23\/11\/2025\">23\/11\/2025<\/time><\/span><\/div><\/div><\/div><\/div>\n        <\/div>\n    <\/article><\/div>\n            <div class=\"clearfix\"><\/div>\n        <\/div>            <div class=\"eael-load-more-button-wrap eael-force-hide\">\n                <button class=\"eael-load-more-button\" id=\"eael-load-more-btn-6a21de5\" data-widget-id=\"6a21de5\" data-widget=\"6a21de5\" data-page-id=\"1121\" data-template=\"{&quot;dir&quot;:&quot;lite&quot;,&quot;file_name&quot;:&quot;default.php&quot;,&quot;name&quot;:&quot;Post-Grid&quot;}\" data-class=\"Essential_Addons_Elementor\\Elements\\Post_Grid\" data-layout=\"grid\" data-page=\"1\" data-args=\"orderby=date&amp;order=desc&amp;ignore_sticky_posts=1&amp;post_status=publish&amp;posts_per_page=18&amp;offset=0&amp;post_type=post\" data-max-page=\"4\">\n                    <span class=\"eael-btn-loader button__loader\"><\/span>\n                    <span class=\"eael_load_more_text\">Cargar m\u00e1s<\/span>\n                <\/button>\n            <\/div>\n            \t\t<\/div>\n\t\t\t\t<\/div>\n\t\t\t\t\t<\/div>\n\t\t<\/div>\n\t\t\t\t\t<\/div>\n\t\t<\/section>\n\t\t\t\t<div class=\"elementor-element elementor-element-4b99dda elementor-widget elementor-widget-spacer\" data-id=\"4b99dda\" data-element_type=\"widget\" data-widget_type=\"spacer.default\">\n\t\t\t\t<div class=\"elementor-widget-container\">\n\t\t\t\t\t<div class=\"elementor-spacer\">\n\t\t\t<div class=\"elementor-spacer-inner\"><\/div>\n\t\t<\/div>\n\t\t\t\t<\/div>\n\t\t\t\t<\/div>\n\t\t\t\t\t<\/div>\n\t\t<\/div>\n\t\t\t\t\t<\/div>\n\t\t<\/section>\n\t\t\t\t<section class=\"elementor-section elementor-top-section elementor-element elementor-element-a8a3581 elementor-section-boxed elementor-section-height-default elementor-section-height-default\" data-id=\"a8a3581\" data-element_type=\"section\">\n\t\t\t\t\t\t<div class=\"elementor-container elementor-column-gap-default\">\n\t\t\t\t\t<div class=\"elementor-column elementor-col-100 elementor-top-column elementor-element elementor-element-d434392\" data-id=\"d434392\" data-element_type=\"column\">\n\t\t\t<div class=\"elementor-widget-wrap elementor-element-populated\">\n\t\t\t\t\t\t<div class=\"elementor-element elementor-element-9684a7d elementor-widget elementor-widget-heading\" data-id=\"9684a7d\" data-element_type=\"widget\" data-widget_type=\"heading.default\">\n\t\t\t\t<div class=\"elementor-widget-container\">\n\t\t\t<h2 class=\"elementor-heading-title elementor-size-default\">\u00bf Eres trabajador del SENA y deseas afiliarte ?<\/h2>\t\t<\/div>\n\t\t\t\t<\/div>\n\t\t\t\t\t<\/div>\n\t\t<\/div>\n\t\t\t\t\t<\/div>\n\t\t<\/section>\n\t\t\t\t<section class=\"elementor-section elementor-top-section elementor-element elementor-element-7973284 elementor-section-boxed elementor-section-height-default elementor-section-height-default\" data-id=\"7973284\" data-element_type=\"section\" data-settings=\"{&quot;background_background&quot;:&quot;gradient&quot;,&quot;shape_divider_top&quot;:&quot;split&quot;}\">\n\t\t\t\t\t<div class=\"elementor-shape elementor-shape-top\" data-negative=\"false\">\n\t\t\t<svg xmlns=\"http:\/\/www.w3.org\/2000\/svg\" viewBox=\"0 0 1000 20\" preserveAspectRatio=\"none\">\n\t<path class=\"elementor-shape-fill\" d=\"M0,0v3c0,0,393.8,0,483.4,0c9.2,0,16.6,7.4,16.6,16.6c0-9.1,7.4-16.6,16.6-16.6C606.2,3,1000,3,1000,3V0H0z\"\/>\n<\/svg>\t\t<\/div>\n\t\t\t\t\t<div class=\"elementor-container elementor-column-gap-default\">\n\t\t\t\t\t<div class=\"elementor-column elementor-col-100 elementor-top-column elementor-element elementor-element-4a68d89\" data-id=\"4a68d89\" data-element_type=\"column\">\n\t\t\t<div class=\"elementor-widget-wrap elementor-element-populated\">\n\t\t\t\t\t\t<section class=\"elementor-section elementor-inner-section elementor-element elementor-element-a0d65fc elementor-section-boxed elementor-section-height-default elementor-section-height-default\" data-id=\"a0d65fc\" data-element_type=\"section\">\n\t\t\t\t\t\t<div class=\"elementor-container elementor-column-gap-default\">\n\t\t\t\t\t<div class=\"elementor-column elementor-col-33 elementor-inner-column elementor-element elementor-element-0163457\" data-id=\"0163457\" data-element_type=\"column\" data-settings=\"{&quot;background_background&quot;:&quot;gradient&quot;}\">\n\t\t\t<div class=\"elementor-widget-wrap elementor-element-populated\">\n\t\t\t\t\t\t<div class=\"elementor-element elementor-element-75fe285 elementor-widget elementor-widget-heading\" data-id=\"75fe285\" data-element_type=\"widget\" data-widget_type=\"heading.default\">\n\t\t\t\t<div class=\"elementor-widget-container\">\n\t\t\t<h2 class=\"elementor-heading-title elementor-size-default\">Conoce nuestros estatuto<\/h2>\t\t<\/div>\n\t\t\t\t<\/div>\n\t\t\t\t<div class=\"elementor-element elementor-element-0461ac8 elementor-widget elementor-widget-image\" data-id=\"0461ac8\" data-element_type=\"widget\" data-widget_type=\"image.default\">\n\t\t\t\t<div class=\"elementor-widget-container\">\n\t\t\t\t\t\t\t\t\t\t\t\t\t<img loading=\"lazy\" decoding=\"async\" width=\"2560\" height=\"1708\" src=\"https:\/\/unaltrasena.com\/wp-content\/uploads\/2022\/09\/estatutos-scaled.jpg\" class=\"attachment-full size-full wp-image-1491\" alt=\"\" srcset=\"https:\/\/unaltrasena.com\/wp-content\/uploads\/2022\/09\/estatutos-scaled.jpg 2560w, https:\/\/unaltrasena.com\/wp-content\/uploads\/2022\/09\/estatutos-300x200.jpg 300w, https:\/\/unaltrasena.com\/wp-content\/uploads\/2022\/09\/estatutos-1024x683.jpg 1024w, https:\/\/unaltrasena.com\/wp-content\/uploads\/2022\/09\/estatutos-768x513.jpg 768w, https:\/\/unaltrasena.com\/wp-content\/uploads\/2022\/09\/estatutos-1536x1025.jpg 1536w, https:\/\/unaltrasena.com\/wp-content\/uploads\/2022\/09\/estatutos-2048x1367.jpg 2048w\" sizes=\"(max-width: 2560px) 100vw, 2560px\" \/>\t\t\t\t\t\t\t\t\t\t\t\t\t<\/div>\n\t\t\t\t<\/div>\n\t\t\t\t<div class=\"elementor-element elementor-element-1447d87 elementor-widget elementor-widget-text-editor\" data-id=\"1447d87\" data-element_type=\"widget\" data-widget_type=\"text-editor.default\">\n\t\t\t\t<div class=\"elementor-widget-container\">\n\t\t\t\t\t\t\t<p class=\"MsoNormal\">Conoce nuestros estatutos, sabr\u00e1s de primera mano cual es nuestro diferencial.<\/p>\t\t\t\t\t\t<\/div>\n\t\t\t\t<\/div>\n\t\t\t\t<div class=\"elementor-element elementor-element-949cf44 elementor-widget elementor-widget-button\" data-id=\"949cf44\" data-element_type=\"widget\" data-widget_type=\"button.default\">\n\t\t\t\t<div class=\"elementor-widget-container\">\n\t\t\t\t\t<div class=\"elementor-button-wrapper\">\n\t\t\t<a class=\"elementor-button elementor-button-link elementor-size-xs\" href=\"https:\/\/unaltrasena.com\/wp-content\/uploads\/2022\/09\/Estatutos-UNALTRASENA-version-aprobada-y-ajustada-por-la-Asamblea-2020-1.pdf\" target=\"_blank\">\n\t\t\t\t\t\t<span class=\"elementor-button-content-wrapper\">\n\t\t\t\t\t\t\t\t\t<span class=\"elementor-button-text\">Descarga<\/span>\n\t\t\t\t\t<\/span>\n\t\t\t\t\t<\/a>\n\t\t<\/div>\n\t\t\t\t<\/div>\n\t\t\t\t<\/div>\n\t\t\t\t\t<\/div>\n\t\t<\/div>\n\t\t\t\t<div class=\"elementor-column elementor-col-33 elementor-inner-column elementor-element elementor-element-ff80234\" data-id=\"ff80234\" data-element_type=\"column\" data-settings=\"{&quot;background_background&quot;:&quot;gradient&quot;}\">\n\t\t\t<div class=\"elementor-widget-wrap elementor-element-populated\">\n\t\t\t\t\t\t<div class=\"elementor-element elementor-element-462753b elementor-widget elementor-widget-heading\" data-id=\"462753b\" data-element_type=\"widget\" data-widget_type=\"heading.default\">\n\t\t\t\t<div class=\"elementor-widget-container\">\n\t\t\t<h2 class=\"elementor-heading-title elementor-size-default\">Formulario de afiliaci\u00f3n <\/h2>\t\t<\/div>\n\t\t\t\t<\/div>\n\t\t\t\t<div class=\"elementor-element elementor-element-e66700d elementor-widget elementor-widget-image\" data-id=\"e66700d\" data-element_type=\"widget\" data-widget_type=\"image.default\">\n\t\t\t\t<div class=\"elementor-widget-container\">\n\t\t\t\t\t\t\t\t\t\t\t\t\t<img loading=\"lazy\" decoding=\"async\" width=\"2560\" height=\"1707\" src=\"https:\/\/unaltrasena.com\/wp-content\/uploads\/2022\/09\/afiliacion-scaled.jpg\" class=\"attachment-full size-full wp-image-1492\" alt=\"\" srcset=\"https:\/\/unaltrasena.com\/wp-content\/uploads\/2022\/09\/afiliacion-scaled.jpg 2560w, https:\/\/unaltrasena.com\/wp-content\/uploads\/2022\/09\/afiliacion-300x200.jpg 300w, https:\/\/unaltrasena.com\/wp-content\/uploads\/2022\/09\/afiliacion-1024x683.jpg 1024w, https:\/\/unaltrasena.com\/wp-content\/uploads\/2022\/09\/afiliacion-768x512.jpg 768w, https:\/\/unaltrasena.com\/wp-content\/uploads\/2022\/09\/afiliacion-1536x1024.jpg 1536w, https:\/\/unaltrasena.com\/wp-content\/uploads\/2022\/09\/afiliacion-2048x1365.jpg 2048w\" sizes=\"(max-width: 2560px) 100vw, 2560px\" \/>\t\t\t\t\t\t\t\t\t\t\t\t\t<\/div>\n\t\t\t\t<\/div>\n\t\t\t\t<div class=\"elementor-element elementor-element-e42fc08 elementor-widget elementor-widget-text-editor\" data-id=\"e42fc08\" data-element_type=\"widget\" data-widget_type=\"text-editor.default\">\n\t\t\t\t<div class=\"elementor-widget-container\">\n\t\t\t\t\t\t\t<p class=\"MsoNormal\">A trav\u00e9s de este formulario podr\u00e1s gestionar tu afiliaci\u00f3n, desc\u00e1rgalo y enviarlo a: unaltrasenajuntanacional@gmail.com<\/p>\t\t\t\t\t\t<\/div>\n\t\t\t\t<\/div>\n\t\t\t\t<div class=\"elementor-element elementor-element-bc9ab6a elementor-widget elementor-widget-button\" data-id=\"bc9ab6a\" data-element_type=\"widget\" data-widget_type=\"button.default\">\n\t\t\t\t<div class=\"elementor-widget-container\">\n\t\t\t\t\t<div class=\"elementor-button-wrapper\">\n\t\t\t<a class=\"elementor-button elementor-button-link elementor-size-xs\" href=\"https:\/\/unaltrasena.com\/wp-content\/uploads\/2022\/09\/request.pdf\" target=\"_blank\">\n\t\t\t\t\t\t<span class=\"elementor-button-content-wrapper\">\n\t\t\t\t\t\t\t\t\t<span class=\"elementor-button-text\">Descarga<\/span>\n\t\t\t\t\t<\/span>\n\t\t\t\t\t<\/a>\n\t\t<\/div>\n\t\t\t\t<\/div>\n\t\t\t\t<\/div>\n\t\t\t\t\t<\/div>\n\t\t<\/div>\n\t\t\t\t<div class=\"elementor-column elementor-col-33 elementor-inner-column elementor-element elementor-element-7ff0b2f\" data-id=\"7ff0b2f\" data-element_type=\"column\" data-settings=\"{&quot;background_background&quot;:&quot;gradient&quot;}\">\n\t\t\t<div class=\"elementor-widget-wrap elementor-element-populated\">\n\t\t\t\t\t\t<div class=\"elementor-element elementor-element-c15d4f2 elementor-widget elementor-widget-heading\" data-id=\"c15d4f2\" data-element_type=\"widget\" data-widget_type=\"heading.default\">\n\t\t\t\t<div class=\"elementor-widget-container\">\n\t\t\t<h2 class=\"elementor-heading-title elementor-size-default\">Regionales.<\/h2>\t\t<\/div>\n\t\t\t\t<\/div>\n\t\t\t\t<div class=\"elementor-element elementor-element-525301d elementor-widget elementor-widget-image\" data-id=\"525301d\" data-element_type=\"widget\" data-widget_type=\"image.default\">\n\t\t\t\t<div class=\"elementor-widget-container\">\n\t\t\t\t\t\t\t\t\t\t\t\t\t<img decoding=\"async\" src=\"https:\/\/unaltrasena.com\/wp-content\/uploads\/elementor\/thumbs\/Colombia-DNP-pu4n3tmu9qv2buuvjqtwf9ifckt4401ryzicnq8qkc.jpg\" title=\"Colombia-DNP\" alt=\"Colombia-DNP\" loading=\"lazy\" \/>\t\t\t\t\t\t\t\t\t\t\t\t\t<\/div>\n\t\t\t\t<\/div>\n\t\t\t\t<div class=\"elementor-element elementor-element-1b17a51 elementor-widget elementor-widget-text-editor\" data-id=\"1b17a51\" data-element_type=\"widget\" data-widget_type=\"text-editor.default\">\n\t\t\t\t<div class=\"elementor-widget-container\">\n\t\t\t\t\t\t\t<p class=\"MsoNormal\">Actualmente contamos con la junta nacional y dos subdirectivas Cundinamarca y Bogot\u00e1.\u00a0<\/p>\t\t\t\t\t\t<\/div>\n\t\t\t\t<\/div>\n\t\t\t\t\t<\/div>\n\t\t<\/div>\n\t\t\t\t\t<\/div>\n\t\t<\/section>\n\t\t\t\t<div class=\"elementor-element elementor-element-aecec33 elementor-widget elementor-widget-heading\" data-id=\"aecec33\" data-element_type=\"widget\" data-widget_type=\"heading.default\">\n\t\t\t\t<div class=\"elementor-widget-container\">\n\t\t\t<h1 class=\"elementor-heading-title elementor-size-default\">Con\u00f3cenos un poco mas<\/h1>\t\t<\/div>\n\t\t\t\t<\/div>\n\t\t\t\t\t<\/div>\n\t\t<\/div>\n\t\t\t\t\t<\/div>\n\t\t<\/section>\n\t\t\t\t<section class=\"elementor-section elementor-top-section elementor-element elementor-element-b426bf7 elementor-section-boxed elementor-section-height-default elementor-section-height-default\" data-id=\"b426bf7\" data-element_type=\"section\">\n\t\t\t\t\t\t<div class=\"elementor-container elementor-column-gap-default\">\n\t\t\t\t\t<div class=\"elementor-column elementor-col-33 elementor-top-column elementor-element elementor-element-5fad878\" data-id=\"5fad878\" data-element_type=\"column\">\n\t\t\t<div class=\"elementor-widget-wrap elementor-element-populated\">\n\t\t\t\t\t\t<div class=\"elementor-element elementor-element-9924700 elementor-widget elementor-widget-heading\" data-id=\"9924700\" data-element_type=\"widget\" data-widget_type=\"heading.default\">\n\t\t\t\t<div class=\"elementor-widget-container\">\n\t\t\t<h2 class=\"elementor-heading-title elementor-size-default\"><p style=\"margin-bottom: 0cm; line-height: normal; background-image: initial; background-position: initial; background-size: initial; background-repeat: initial; background-attachment: initial; background-origin: initial; background-clip: initial;\"><span style=\"font-family: var( --e-global-typography-primary-font-family ); font-size: 20px;\">Video presentaci\u00f3n <\/span><span style=\"font-family: var( --e-global-typography-primary-font-family ); font-size: 20px; font-weight: var( --e-global-typography-primary-font-weight );\"><\/span><br><\/p><\/h2>\t\t<\/div>\n\t\t\t\t<\/div>\n\t\t\t\t<div class=\"elementor-element elementor-element-c644297 elementor-widget elementor-widget-eael-sticky-video\" data-id=\"c644297\" data-element_type=\"widget\" data-widget_type=\"eael-sticky-video.default\">\n\t\t\t\t<div class=\"elementor-widget-container\">\n\t\t\t<div class=\"eael-sticky-video-wrapper eaelsv-overlay-visibility-\"><div class=\"eael-sticky-video-player2\" data-sticky=\"yes\" data-position=\"bottom-right\" data-sheight=\"169\" data-swidth=\"300\" data-scroll_height=\"70\" data-autoplay=\"no\" data-overlay=\"no\">\n\t\t\t\t<video class=\"eaelsv-player\" id=\"eaelsv-player-c644297\" playsinline controls data-plyr-config=\"{&quot;autoplay&quot;:0, &quot;muted&quot;:0, &quot;loop&quot;: {&quot;active&quot;: false}}\">\n\t\t\t<source src=\"https:\/\/unaltrasena.com\/wp-content\/uploads\/2022\/08\/UNALTRASENA.mp4#t=,\" type=\"video\/mp4\" \/>\n\t\t<\/video>\n\t\t\t\t<span class=\"eaelsv-sticky-player-close\"><i class=\"fas fa-times-circle\"><\/i><\/span>\n\t\t\t<\/div>\n\t\t<\/div>\t\t<\/div>\n\t\t\t\t<\/div>\n\t\t\t\t\t<\/div>\n\t\t<\/div>\n\t\t\t\t<div class=\"elementor-column elementor-col-33 elementor-top-column elementor-element elementor-element-c06ec05\" data-id=\"c06ec05\" data-element_type=\"column\">\n\t\t\t<div class=\"elementor-widget-wrap elementor-element-populated\">\n\t\t\t\t\t\t<div class=\"elementor-element elementor-element-18e439e elementor-widget elementor-widget-heading\" data-id=\"18e439e\" data-element_type=\"widget\" data-widget_type=\"heading.default\">\n\t\t\t\t<div class=\"elementor-widget-container\">\n\t\t\t<h2 class=\"elementor-heading-title elementor-size-default\"><h2 style=\"margin: 0cm; background-image: initial; background-position: initial; background-size: initial; background-repeat: initial; background-attachment: initial; background-origin: initial; background-clip: initial;\"><span style=\"font-size: 15pt;\">Galer\u00eda <\/span>asistencia a eventos<\/h2><\/h2>\t\t<\/div>\n\t\t\t\t<\/div>\n\t\t\t\t<div class=\"elementor-element elementor-element-cdd0d7e elementor-arrows-position-inside elementor-widget elementor-widget-image-carousel\" data-id=\"cdd0d7e\" data-element_type=\"widget\" data-settings=\"{&quot;navigation&quot;:&quot;arrows&quot;,&quot;autoplay&quot;:&quot;yes&quot;,&quot;pause_on_hover&quot;:&quot;yes&quot;,&quot;pause_on_interaction&quot;:&quot;yes&quot;,&quot;autoplay_speed&quot;:5000,&quot;infinite&quot;:&quot;yes&quot;,&quot;speed&quot;:500}\" data-widget_type=\"image-carousel.default\">\n\t\t\t\t<div class=\"elementor-widget-container\">\n\t\t\t\t\t<div class=\"elementor-image-carousel-wrapper swiper\" dir=\"ltr\">\n\t\t\t<div class=\"elementor-image-carousel swiper-wrapper swiper-image-stretch\" aria-live=\"off\">\n\t\t\t\t\t\t\t\t<div class=\"swiper-slide\" role=\"group\" aria-roledescription=\"slide\" aria-label=\"1 of 18\"><figure class=\"swiper-slide-inner\"><img decoding=\"async\" class=\"swiper-slide-image\" src=\"https:\/\/unaltrasena.com\/wp-content\/uploads\/2021\/07\/WhatsApp-Image-2021-07-02-at-7.15.08-AM-300x225.jpeg\" alt=\"WhatsApp Image 2021-07-02 at 7.15.08 AM\" \/><\/figure><\/div><div class=\"swiper-slide\" role=\"group\" aria-roledescription=\"slide\" aria-label=\"2 of 18\"><figure class=\"swiper-slide-inner\"><img decoding=\"async\" class=\"swiper-slide-image\" src=\"https:\/\/unaltrasena.com\/wp-content\/uploads\/2021\/07\/WhatsApp-Image-2021-06-08-at-7.54.53-AM-300x225.jpeg\" alt=\"WhatsApp Image 2021-06-08 at 7.54.53 AM\" \/><\/figure><\/div><div class=\"swiper-slide\" role=\"group\" aria-roledescription=\"slide\" aria-label=\"3 of 18\"><figure class=\"swiper-slide-inner\"><img decoding=\"async\" class=\"swiper-slide-image\" src=\"https:\/\/unaltrasena.com\/wp-content\/uploads\/2021\/07\/fotos-Unatrasena-6-1-300x225.jpeg\" alt=\"fotos Unatrasena (6)\" \/><\/figure><\/div><div class=\"swiper-slide\" role=\"group\" aria-roledescription=\"slide\" aria-label=\"4 of 18\"><figure class=\"swiper-slide-inner\"><img decoding=\"async\" class=\"swiper-slide-image\" src=\"https:\/\/unaltrasena.com\/wp-content\/uploads\/2021\/07\/fotos-Unatrasena-5-1-300x225.jpeg\" alt=\"fotos Unatrasena (5)\" \/><\/figure><\/div><div class=\"swiper-slide\" role=\"group\" aria-roledescription=\"slide\" aria-label=\"5 of 18\"><figure class=\"swiper-slide-inner\"><img decoding=\"async\" class=\"swiper-slide-image\" src=\"https:\/\/unaltrasena.com\/wp-content\/uploads\/2021\/07\/fotos-Unatrasena-4-1-300x225.jpeg\" alt=\"fotos Unatrasena (4)\" \/><\/figure><\/div><div class=\"swiper-slide\" role=\"group\" aria-roledescription=\"slide\" aria-label=\"6 of 18\"><figure class=\"swiper-slide-inner\"><img decoding=\"async\" class=\"swiper-slide-image\" src=\"https:\/\/unaltrasena.com\/wp-content\/uploads\/2021\/07\/fotos-Unatrasena-3-1-300x225.jpeg\" alt=\"fotos Unatrasena (3)\" \/><\/figure><\/div><div class=\"swiper-slide\" role=\"group\" aria-roledescription=\"slide\" aria-label=\"7 of 18\"><figure class=\"swiper-slide-inner\"><img decoding=\"async\" class=\"swiper-slide-image\" src=\"https:\/\/unaltrasena.com\/wp-content\/uploads\/2021\/07\/fotos-Unatrasena-2-1-300x225.jpeg\" alt=\"fotos Unatrasena (2)\" \/><\/figure><\/div><div class=\"swiper-slide\" role=\"group\" aria-roledescription=\"slide\" aria-label=\"8 of 18\"><figure class=\"swiper-slide-inner\"><img decoding=\"async\" class=\"swiper-slide-image\" src=\"https:\/\/unaltrasena.com\/wp-content\/uploads\/2021\/07\/fotos-Unatrasena-1-1-300x225.jpeg\" alt=\"fotos Unatrasena (1)\" \/><\/figure><\/div><div class=\"swiper-slide\" role=\"group\" aria-roledescription=\"slide\" aria-label=\"9 of 18\"><figure class=\"swiper-slide-inner\"><img decoding=\"async\" class=\"swiper-slide-image\" src=\"https:\/\/unaltrasena.com\/wp-content\/uploads\/2021\/07\/fotos-Unatrasena-8-1-300x225.jpeg\" alt=\"fotos Unatrasena (8)\" \/><\/figure><\/div><div class=\"swiper-slide\" role=\"group\" aria-roledescription=\"slide\" aria-label=\"10 of 18\"><figure class=\"swiper-slide-inner\"><img decoding=\"async\" class=\"swiper-slide-image\" src=\"https:\/\/unaltrasena.com\/wp-content\/uploads\/2021\/07\/fotos-Unatrasena-7-1-300x225.jpeg\" alt=\"fotos Unatrasena (7)\" \/><\/figure><\/div><div class=\"swiper-slide\" role=\"group\" aria-roledescription=\"slide\" aria-label=\"11 of 18\"><figure class=\"swiper-slide-inner\"><img decoding=\"async\" class=\"swiper-slide-image\" src=\"https:\/\/unaltrasena.com\/wp-content\/uploads\/2021\/07\/fotos-Unatrasena-6-300x225.jpeg\" alt=\"fotos Unatrasena (6)\" \/><\/figure><\/div><div class=\"swiper-slide\" role=\"group\" aria-roledescription=\"slide\" aria-label=\"12 of 18\"><figure class=\"swiper-slide-inner\"><img decoding=\"async\" class=\"swiper-slide-image\" src=\"https:\/\/unaltrasena.com\/wp-content\/uploads\/2021\/07\/fotos-Unatrasena-5-300x225.jpeg\" alt=\"fotos Unatrasena (5)\" \/><\/figure><\/div><div class=\"swiper-slide\" role=\"group\" aria-roledescription=\"slide\" aria-label=\"13 of 18\"><figure class=\"swiper-slide-inner\"><img decoding=\"async\" class=\"swiper-slide-image\" src=\"https:\/\/unaltrasena.com\/wp-content\/uploads\/2021\/07\/fotos-Unatrasena-4-300x225.jpeg\" alt=\"fotos Unatrasena (4)\" \/><\/figure><\/div><div class=\"swiper-slide\" role=\"group\" aria-roledescription=\"slide\" aria-label=\"14 of 18\"><figure class=\"swiper-slide-inner\"><img decoding=\"async\" class=\"swiper-slide-image\" src=\"https:\/\/unaltrasena.com\/wp-content\/uploads\/2021\/07\/fotos-Unatrasena-3-300x225.jpeg\" alt=\"fotos Unatrasena (3)\" \/><\/figure><\/div><div class=\"swiper-slide\" role=\"group\" aria-roledescription=\"slide\" aria-label=\"15 of 18\"><figure class=\"swiper-slide-inner\"><img decoding=\"async\" class=\"swiper-slide-image\" src=\"https:\/\/unaltrasena.com\/wp-content\/uploads\/2021\/07\/fotos-Unatrasena-2-300x225.jpeg\" alt=\"fotos Unatrasena (2)\" \/><\/figure><\/div><div class=\"swiper-slide\" role=\"group\" aria-roledescription=\"slide\" aria-label=\"16 of 18\"><figure class=\"swiper-slide-inner\"><img decoding=\"async\" class=\"swiper-slide-image\" src=\"https:\/\/unaltrasena.com\/wp-content\/uploads\/2021\/07\/fotos-Unatrasena-1-300x225.jpeg\" alt=\"fotos Unatrasena (1)\" \/><\/figure><\/div><div class=\"swiper-slide\" role=\"group\" aria-roledescription=\"slide\" aria-label=\"17 of 18\"><figure class=\"swiper-slide-inner\"><img decoding=\"async\" class=\"swiper-slide-image\" src=\"https:\/\/unaltrasena.com\/wp-content\/uploads\/2021\/07\/fotos-Unatrasena-8-300x225.jpeg\" alt=\"fotos Unatrasena (8)\" \/><\/figure><\/div><div class=\"swiper-slide\" role=\"group\" aria-roledescription=\"slide\" aria-label=\"18 of 18\"><figure class=\"swiper-slide-inner\"><img decoding=\"async\" class=\"swiper-slide-image\" src=\"https:\/\/unaltrasena.com\/wp-content\/uploads\/2021\/07\/fotos-Unatrasena-7-300x225.jpeg\" alt=\"fotos Unatrasena (7)\" \/><\/figure><\/div>\t\t\t<\/div>\n\t\t\t\t\t\t\t\t\t\t\t\t<div class=\"elementor-swiper-button elementor-swiper-button-prev\" role=\"button\" tabindex=\"0\">\n\t\t\t\t\t\t<i aria-hidden=\"true\" class=\"eicon-chevron-left\"><\/i>\t\t\t\t\t<\/div>\n\t\t\t\t\t<div class=\"elementor-swiper-button elementor-swiper-button-next\" role=\"button\" tabindex=\"0\">\n\t\t\t\t\t\t<i aria-hidden=\"true\" class=\"eicon-chevron-right\"><\/i>\t\t\t\t\t<\/div>\n\t\t\t\t\n\t\t\t\t\t\t\t\t\t<\/div>\n\t\t\t\t<\/div>\n\t\t\t\t<\/div>\n\t\t\t\t\t<\/div>\n\t\t<\/div>\n\t\t\t\t<div class=\"elementor-column elementor-col-33 elementor-top-column elementor-element elementor-element-bcc4464\" data-id=\"bcc4464\" data-element_type=\"column\">\n\t\t\t<div class=\"elementor-widget-wrap elementor-element-populated\">\n\t\t\t\t\t\t<div class=\"elementor-element elementor-element-98ea5d9 elementor-widget elementor-widget-heading\" data-id=\"98ea5d9\" data-element_type=\"widget\" data-widget_type=\"heading.default\">\n\t\t\t\t<div class=\"elementor-widget-container\">\n\t\t\t<h2 class=\"elementor-heading-title elementor-size-default\">Galer\u00eda de videos <\/h2>\t\t<\/div>\n\t\t\t\t<\/div>\n\t\t\t\t<div class=\"elementor-element elementor-element-fe2feca elementor-widget elementor-widget-eael-sticky-video\" data-id=\"fe2feca\" data-element_type=\"widget\" data-widget_type=\"eael-sticky-video.default\">\n\t\t\t\t<div class=\"elementor-widget-container\">\n\t\t\t<div class=\"eael-sticky-video-wrapper eaelsv-overlay-visibility-\"><div class=\"eael-sticky-video-player2\" data-sticky=\"yes\" data-position=\"bottom-right\" data-sheight=\"169\" data-swidth=\"300\" data-scroll_height=\"70\" data-autoplay=\"no\" data-overlay=\"no\">\n\t\t\t\t<video class=\"eaelsv-player\" id=\"eaelsv-player-fe2feca\" playsinline controls data-plyr-config=\"{&quot;autoplay&quot;:0, &quot;muted&quot;:0, &quot;loop&quot;: {&quot;active&quot;: false}}\">\n\t\t\t<source src=\"https:\/\/unaltrasena.com\/wp-content\/uploads\/2021\/07\/fotos-Unatrasena-2.mp4#t=,\" type=\"video\/mp4\" \/>\n\t\t<\/video>\n\t\t\t\t<span class=\"eaelsv-sticky-player-close\"><i class=\"fas fa-times-circle\"><\/i><\/span>\n\t\t\t<\/div>\n\t\t<\/div>\t\t<\/div>\n\t\t\t\t<\/div>\n\t\t\t\t\t<\/div>\n\t\t<\/div>\n\t\t\t\t\t<\/div>\n\t\t<\/section>\n\t\t\t\t<\/div>\n\t\t","protected":false},"excerpt":{"rendered":"<p>Tendencias hoy DEL COPYRIGHT EN EL SERVICIO NACIONAL DE APRENDIZAJE \u2013 SENA. \u00bfC\u00f3mo participar en la creaci\u00f3n de Normas de Competencia Laboral del SENA? Gu\u00eda de contacto y llamado de UNALTRASENA Plan de Acci\u00f3n SENA 2026. Un cierre de gesti\u00f3n enfocado en el campo y la econom\u00eda popular Unidad, Fuerza y Futuro: Un Saludo a [&hellip;]<\/p>\n","protected":false},"author":1,"featured_media":1840,"parent":0,"menu_order":0,"comment_status":"closed","ping_status":"closed","template":"elementor_header_footer","meta":{"om_disable_all_campaigns":false,"_monsterinsights_skip_tracking":false,"_monsterinsights_sitenote_active":false,"_monsterinsights_sitenote_note":"","_monsterinsights_sitenote_category":0,"footnotes":""},"class_list":["post-1121","page","type-page","status-publish","has-post-thumbnail","hentry","entry","has-media"],"aioseo_notices":[],"_links":{"self":[{"href":"https:\/\/unaltrasena.com\/index.php\/wp-json\/wp\/v2\/pages\/1121","targetHints":{"allow":["GET"]}}],"collection":[{"href":"https:\/\/unaltrasena.com\/index.php\/wp-json\/wp\/v2\/pages"}],"about":[{"href":"https:\/\/unaltrasena.com\/index.php\/wp-json\/wp\/v2\/types\/page"}],"author":[{"embeddable":true,"href":"https:\/\/unaltrasena.com\/index.php\/wp-json\/wp\/v2\/users\/1"}],"replies":[{"embeddable":true,"href":"https:\/\/unaltrasena.com\/index.php\/wp-json\/wp\/v2\/comments?post=1121"}],"version-history":[{"count":99,"href":"https:\/\/unaltrasena.com\/index.php\/wp-json\/wp\/v2\/pages\/1121\/revisions"}],"predecessor-version":[{"id":2313,"href":"https:\/\/unaltrasena.com\/index.php\/wp-json\/wp\/v2\/pages\/1121\/revisions\/2313"}],"wp:featuredmedia":[{"embeddable":true,"href":"https:\/\/unaltrasena.com\/index.php\/wp-json\/wp\/v2\/media\/1840"}],"wp:attachment":[{"href":"https:\/\/unaltrasena.com\/index.php\/wp-json\/wp\/v2\/media?parent=1121"}],"curies":[{"name":"wp","href":"https:\/\/api.w.org\/{rel}","templated":true}]}}